{"id":232934,"date":"2026-03-05T13:25:33","date_gmt":"2026-03-05T18:25:33","guid":{"rendered":"https:\/\/fermeauxcolibris.com\/?page_id=232934"},"modified":"2026-04-04T15:00:47","modified_gmt":"2026-04-04T19:00:47","slug":"paniers-bio-montreal-ouest","status":"publish","type":"page","link":"https:\/\/fermeauxcolibris.com\/en\/paniers-bio-montreal-ouest\/","title":{"rendered":"Paniers bio \u00e0 l&rsquo;Ouest de Montr\u00e9al \u2013 Points de cueillette"},"content":{"rendered":"<p>[et_pb_section fb_built=\u00a0\u00bb1&Prime; _builder_version=\u00a0\u00bb4.27.5&Prime; _module_preset=\u00a0\u00bbdefault\u00a0\u00bb custom_padding=\u00a0\u00bb5px|||||\u00a0\u00bb global_colors_info=\u00a0\u00bb{}\u00a0\u00bb][et_pb_row _builder_version=\u00a0\u00bb4.27.6&Prime; _module_preset=\u00a0\u00bbdefault\u00a0\u00bb min_height=\u00a0\u00bb138.4px\u00a0\u00bb custom_margin=\u00a0\u00bb-36px|365px||410px||\u00a0\u00bb custom_padding=\u00a0\u00bb79px|0px|33px|0px||\u00a0\u00bb border_color_all=\u00a0\u00bb#FFFFFF\u00a0\u00bb border_width_top=\u00a0\u00bb6px\u00a0\u00bb global_colors_info=\u00a0\u00bb{}\u00a0\u00bb background_color=\u00a0\u00bb#70596c\u00a0\u00bb width=\u00a0\u00bb81.9%\u00a0\u00bb hover_enabled=\u00a0\u00bb0&Prime; sticky_enabled=\u00a0\u00bb0&Prime; module_alignment_last_edited=\u00a0\u00bbon|phone\u00a0\u00bb module_alignment=\u00a0\u00bbcenter\u00a0\u00bb module_alignment_tablet=\u00a0\u00bbcenter\u00a0\u00bb module_alignment_phone=\u00a0\u00bbcenter\u00a0\u00bb][et_pb_column type=\u00a0\u00bb4_4&Prime; _builder_version=\u00a0\u00bb4.27.5&Prime; _module_preset=\u00a0\u00bbdefault\u00a0\u00bb global_colors_info=\u00a0\u00bb{}\u00a0\u00bb][et_pb_heading title=\u00a0\u00bbPaniers bio \u00e0 l&rsquo;Ouest de Montr\u00e9al\u00a0\u00bb _builder_version=\u00a0\u00bb4.27.5&Prime; _module_preset=\u00a0\u00bbdefault\u00a0\u00bb title_text_align=\u00a0\u00bbcenter\u00a0\u00bb title_text_color=\u00a0\u00bb#FFFFFF\u00a0\u00bb global_colors_info=\u00a0\u00bb{}\u00a0\u00bb custom_padding=\u00a0\u00bb||10px|||\u00a0\u00bb][\/et_pb_heading][et_pb_text _builder_version=\u00a0\u00bb4.27.5&Prime; _module_preset=\u00a0\u00bbdefault\u00a0\u00bb min_height=\u00a0\u00bb74.6px\u00a0\u00bb global_colors_info=\u00a0\u00bb{}\u00a0\u00bb custom_padding=\u00a0\u00bb||0px|||\u00a0\u00bb custom_margin=\u00a0\u00bb||26px|||\u00a0\u00bb]<\/p>\n<p style=\"text-align: center;\"><span style=\"color: #ffffff;\">La Ferme aux colibris livre chaque semaine des paniers de l\u00e9gumes biologiques frais dans 3 points de cueillette \u00e0 l&rsquo;ouest de l&rsquo;\u00eele de Montr\u00e9al. L\u00e9gumes certifi\u00e9s biologiques, cultiv\u00e9s \u00e0 Ripon en Outaouais, livr\u00e9s chaque jeudi dans votre quartier<\/span>.<\/p>\n<p>[\/et_pb_text][\/et_pb_column][\/et_pb_row][et_pb_row _builder_version=\u00a0\u00bb4.27.6&Prime; _module_preset=\u00a0\u00bbdefault\u00a0\u00bb width=\u00a0\u00bb81.9%\u00a0\u00bb min_height=\u00a0\u00bb138.4px\u00a0\u00bb custom_margin=\u00a0\u00bb-36px|365px||410px||\u00a0\u00bb custom_padding=\u00a0\u00bb32px|0px|33px|0px||\u00a0\u00bb locked=\u00a0\u00bboff\u00a0\u00bb global_colors_info=\u00a0\u00bb{}\u00a0\u00bb border_width_top=\u00a0\u00bb6px\u00a0\u00bb border_color_top=\u00a0\u00bb#FFFFFF\u00a0\u00bb sticky_enabled=\u00a0\u00bb0&Prime; border_color_all=\u00a0\u00bb#FFFFFF\u00a0\u00bb background_color=\u00a0\u00bb#70596c\u00a0\u00bb module_alignment=\u00a0\u00bbcenter\u00a0\u00bb module_alignment_tablet=\u00a0\u00bbcenter\u00a0\u00bb module_alignment_phone=\u00a0\u00bbcenter\u00a0\u00bb module_alignment_last_edited=\u00a0\u00bbon|phone\u00a0\u00bb hover_enabled=\u00a0\u00bb0&Prime;][et_pb_column type=\u00a0\u00bb4_4&Prime; _builder_version=\u00a0\u00bb4.27.5&Prime; _module_preset=\u00a0\u00bbdefault\u00a0\u00bb global_colors_info=\u00a0\u00bb{}\u00a0\u00bb][et_pb_text _builder_version=\u00a0\u00bb4.27.5&Prime; _module_preset=\u00a0\u00bbdefault\u00a0\u00bb global_colors_info=\u00a0\u00bb{}\u00a0\u00bb]<\/p>\n<p style=\"text-align: center;\"><span style=\"color: #ffffff;\"><strong>Pourquoi choisir la Ferme aux Colibris \u00e0 Montr\u00e9al ?<\/strong><\/span><\/p>\n<p style=\"text-align: center;\"><span style=\"color: #ffffff;\"><span>Nos l\u00e9gumes biologiques sont cultiv\u00e9s \u00e0 Ripon et livr\u00e9s chaque jeudi dans l&rsquo;ouest de l&rsquo;\u00eele. Certifi\u00e9s par Qu\u00e9bec Vrai, r\u00e9colt\u00e9s et livr\u00e9s la m\u00eame semaine. Abonnement flexible, sans engagement, pause possible \u00e0 tout moment.<\/span><\/span><\/p>\n<p>[\/et_pb_text][\/et_pb_column][\/et_pb_row][et_pb_row _builder_version=\u00a0\u00bb4.27.5&Prime; _module_preset=\u00a0\u00bbdefault\u00a0\u00bb global_colors_info=\u00a0\u00bb{}\u00a0\u00bb][et_pb_column type=\u00a0\u00bb4_4&Prime; _builder_version=\u00a0\u00bb4.27.5&Prime; _module_preset=\u00a0\u00bbdefault\u00a0\u00bb global_colors_info=\u00a0\u00bb{}\u00a0\u00bb][et_pb_heading title=\u00a0\u00bbNos points de cueillette \u2013 Ouest de Montr\u00e9al\u00a0\u00bb _builder_version=\u00a0\u00bb4.27.5&Prime; _module_preset=\u00a0\u00bbdefault\u00a0\u00bb title_level=\u00a0\u00bbh2&Prime; title_text_align=\u00a0\u00bbcenter\u00a0\u00bb global_colors_info=\u00a0\u00bb{}\u00a0\u00bb][\/et_pb_heading][et_pb_text _builder_version=\u00a0\u00bb4.27.5&Prime; _module_preset=\u00a0\u00bbdefault\u00a0\u00bb global_colors_info=\u00a0\u00bb{}\u00a0\u00bb]<\/p>\n<p class=\"font-claude-response-body break-words whitespace-normal leading-[1.7]\" style=\"text-align: center;\"><strong>Sainte-Anne-de-Bellevue<\/strong> \ud83d\udccd 219A Rue Ste-Anne, Sainte-Anne-de-Bellevue \ud83d\udd50 Jeudi de 16h \u00e0 18h<\/p>\n<p class=\"font-claude-response-body break-words whitespace-normal leading-[1.7]\" style=\"text-align: center;\"><strong>Village Pointe-Claire<\/strong> \ud83d\udccd 1 Condover, Pointe-Claire, H9S 3Y7 \ud83d\udd50 Jeudi de 15h \u00e0 18h<\/p>\n<p class=\"font-claude-response-body break-words whitespace-normal leading-[1.7]\" style=\"text-align: center;\"><strong>Vaudreuil-Dorion<\/strong> \ud83d\udccd 189 Rue de Repentigny, Vaudreuil-Dorion \ud83d\udd50 Jeudi de 16h \u00e0 18h<\/p>\n<p>[\/et_pb_text][\/et_pb_column][\/et_pb_row][et_pb_row _builder_version=\u00a0\u00bb4.27.5&Prime; _module_preset=\u00a0\u00bbdefault\u00a0\u00bb custom_padding=\u00a0\u00bb|0px||||\u00a0\u00bb global_colors_info=\u00a0\u00bb{}\u00a0\u00bb][et_pb_column type=\u00a0\u00bb4_4&Prime; _builder_version=\u00a0\u00bb4.27.5&Prime; _module_preset=\u00a0\u00bbdefault\u00a0\u00bb global_colors_info=\u00a0\u00bb{}\u00a0\u00bb][et_pb_heading title=\u00a0\u00bbComment s&rsquo;abonner \u00e0 un panier bio \u00e0 Montr\u00e9al\u00a0\u00bb _builder_version=\u00a0\u00bb4.27.5&Prime; _module_preset=\u00a0\u00bbdefault\u00a0\u00bb title_level=\u00a0\u00bbh2&Prime; title_text_align=\u00a0\u00bbcenter\u00a0\u00bb global_colors_info=\u00a0\u00bb{}\u00a0\u00bb][\/et_pb_heading][et_pb_text _builder_version=\u00a0\u00bb4.27.5&Prime; _module_preset=\u00a0\u00bbdefault\u00a0\u00bb global_colors_info=\u00a0\u00bb{}\u00a0\u00bb]<\/p>\n<p style=\"text-align: center;\">C&rsquo;est simple: s\u00e9lectionnez la taille de panier (petit \u00e0 25$<span class=\"katex\"><span class=\"katex-mathml\">\/semaine ou r\u00e9gulier \u00e0 40$\/semaine<\/span><\/span>), choisissez votre point de cueillette, et abonnez-vous en ligne. Votre panier sera pr\u00eat chaque jeudi<\/p>\n<p>[\/et_pb_text][et_pb_button button_url=\u00a0\u00bbhttps:\/\/fermeauxcolibris.com\/produit\/abonnement-panier-bio\/\u00a0\u00bb button_text=\u00a0\u00bbS\u2019abonner aux paniers bio\u00a0\u00bb button_alignment=\u00a0\u00bbcenter\u00a0\u00bb _builder_version=\u00a0\u00bb4.27.5&Prime; _module_preset=\u00a0\u00bbdefault\u00a0\u00bb custom_button=\u00a0\u00bbon\u00a0\u00bb button_text_color=\u00a0\u00bb#FFFFFF\u00a0\u00bb button_bg_color=\u00a0\u00bb#70596c\u00a0\u00bb button_border_color=\u00a0\u00bbRGBA(255,255,255,0)\u00a0\u00bb button_border_radius=\u00a0\u00bb40px\u00a0\u00bb button_icon_color=\u00a0\u00bb#FFFFFF\u00a0\u00bb locked=\u00a0\u00bboff\u00a0\u00bb global_colors_info=\u00a0\u00bb{}\u00a0\u00bb][\/et_pb_button][\/et_pb_column][\/et_pb_row][\/et_pb_section]<\/p>\n","protected":false},"excerpt":{"rendered":"<p>La Ferme aux colibris livre chaque semaine des paniers de l\u00e9gumes biologiques frais dans 3 points de cueillette \u00e0 l&rsquo;ouest de l&rsquo;\u00eele de Montr\u00e9al. L\u00e9gumes certifi\u00e9s biologiques, cultiv\u00e9s \u00e0 Ripon en Outaouais, livr\u00e9s chaque jeudi dans votre quartier.Pourquoi choisir la Ferme aux Colibris \u00e0 Montr\u00e9al ? Nos l\u00e9gumes biologiques sont cultiv\u00e9s \u00e0 Ripon et livr\u00e9s [&hellip;]<\/p>\n","protected":false},"author":3,"featured_media":0,"parent":0,"menu_order":0,"comment_status":"closed","ping_status":"closed","template":"","meta":{"_et_pb_use_builder":"on","_et_pb_old_content":"","_et_gb_content_width":"","footnotes":""},"class_list":["post-232934","page","type-page","status-publish","hentry"],"_links":{"self":[{"href":"https:\/\/fermeauxcolibris.com\/en\/wp-json\/wp\/v2\/pages\/232934","targetHints":{"allow":["GET"]}}],"collection":[{"href":"https:\/\/fermeauxcolibris.com\/en\/wp-json\/wp\/v2\/pages"}],"about":[{"href":"https:\/\/fermeauxcolibris.com\/en\/wp-json\/wp\/v2\/types\/page"}],"author":[{"embeddable":true,"href":"https:\/\/fermeauxcolibris.com\/en\/wp-json\/wp\/v2\/users\/3"}],"replies":[{"embeddable":true,"href":"https:\/\/fermeauxcolibris.com\/en\/wp-json\/wp\/v2\/comments?post=232934"}],"version-history":[{"count":3,"href":"https:\/\/fermeauxcolibris.com\/en\/wp-json\/wp\/v2\/pages\/232934\/revisions"}],"predecessor-version":[{"id":233690,"href":"https:\/\/fermeauxcolibris.com\/en\/wp-json\/wp\/v2\/pages\/232934\/revisions\/233690"}],"wp:attachment":[{"href":"https:\/\/fermeauxcolibris.com\/en\/wp-json\/wp\/v2\/media?parent=232934"}],"curies":[{"name":"wp","href":"https:\/\/api.w.org\/{rel}","templated":true}]}}